{"id":10345,"date":"2025-03-13T16:28:42","date_gmt":"2025-03-13T16:28:42","guid":{"rendered":"https:\/\/polifactory.test.polimi.it\/?post_type=portfolio&#038;p=10345"},"modified":"2025-03-13T16:28:42","modified_gmt":"2025-03-13T16:28:42","slug":"francesca-fedele","status":"publish","type":"community","link":"https:\/\/polifactory.test.polimi.it\/en\/community\/francesca-fedele\/","title":{"rendered":"Francesca Fedele"},"content":{"rendered":"<p>Nasce nel 1999 nella campagna novarese. A conclusione del percorso liceale artistico, nel 2018 si iscrive al Corso di Design del Prodotto Industriale all\u2019interno della Scuola del Design al Politecnico di Milano. Dopo il conseguimento del titolo Triennale decide di proseguire nella stessa universit\u00e0 con il corso di Laurea Magistrale in <strong>Integrated Product Design<\/strong>. Durante il percorso di studi ha appreso come il ruolo del designer sia fondamentale per comprendere i bisogni degli utenti per potersi porre nuovi obiettivi progettuali. Inoltre, durante l\u2019ultimo anno accademico, si \u00e8 dedicata a progetti focalizzati sulla sostenibilit\u00e0 e circolarit\u00e0 del sistema prodotto-servizio. Per questo motivo ha sviluppato un forte interesse verso i<strong> biomateriali <\/strong>e le opportunit\u00e0 che possono dare, sia a livello tecnico che sensoriale, per il design di prodotti innovativi.<\/p>\n<p><strong>Abstract<\/strong><\/p>\n<p>La crisi climatica e i crescenti problemi ambientali richiedono un cambiamento radicale nelle pratiche industriali, orientandole verso soluzioni pi\u00f9 sostenibili. I biomateriali, grazie alla loro biodegradabilit\u00e0 e rinnovabilit\u00e0, rappresentano un\u2019alternativa promettente ai materiali convenzionali. I designer sono quindi chiamati a esplorare nuove soluzioni per contribuire a un\u2019economia pi\u00f9 responsabile, che tenda verso uno sviluppo rigenerativo.<\/p>\n<p>Questa tesi indaga la possibilit\u00e0 di combinare la crescita di micelio con la <strong>cellulosa batterica<\/strong> (BC), un biomateriale gi\u00e0 ampiamente utilizzato nel campo della sperimentazione, ma che presenta limiti legati alla sua instabilit\u00e0 nel tempo e alla tendenza ad assorbire umidita. Al contrario, il micelio, la parte vegetativa dei funghi, e un biomateriale naturalmente resistente all\u2019acqua e pu\u00f2 migliorare le propriet\u00e0 critiche della BC. La sperimentazione e stata condotta seguendo il metodo del <strong>Material Driven Design (MDD)<\/strong> e l\u2019approccio DIY, esplorando differenti tecniche per la crescita del materiale composito multi-organism.<\/p>\n<p>La sperimentazione ha previsto l\u2019utilizzo della BC ottenuta dalla fermentazione del te di Kombucha, sia in forma di fogli sia ridotta in \u2018<em>tartare<\/em>\u2019, per combinarla con il micelio. I campioni pi\u00f9 interessanti sono stati preparati utilizzando substrato pre-inoculato con spore fungine e la cellulosa in fogli. Lo strato di BC viene completamente ricoperto di micelio puro, ottenendo un materiale flessibile e resistente. I protocolli di crescita sono stati ulteriormente testati e ottimizzati per quantit\u00e0 e ingredienti utilizzati. Una fase cruciale della sperimentazione e stata la messa a punto delle tecniche per trattare i campioni pre e post-crescita, nonch\u00e9 per la creazione di texture superficiali e la crescita adattata per campioni di dimensioni maggiori.<\/p>\n<p>Il materiale composito risultante, UN_SKIN, ha mostrato migliori valori di WCA (<em>Water Contact Angle<\/em>), mantenendo una colorazione pi\u00f9 stabile nel tempo. Con una consistenza simile alla pelle, sia per la sua mono lateralit\u00e0 di utilizzo che per la sua consistenza, \u00e8 emersa l\u2019opportunit\u00e0 applicativa nel settore dell\u2019arredo imbottito. Per esaltare le caratteristiche finali, la tesi si \u00e8 conclusa con la progettazione e prototipazione di una panca destinata a negozi del settore moda. L\u2019oggetto, realizzato in lamiera di acciaio, unisce il contrasto materico e sensoriale del metallo con l\u2019estetica irregolare e unica del biomateriale, che emerge da piccole aree imbottite modulari.<\/p>\n<p>La sperimentazione di questo materiale apre la strada a nuove opportunit\u00e0 progettuali sia in ottica di autoproduzione, sia, come nel caso del prototipo finale, in settori affini, come quello della moda, che necessitano cambiamenti efficaci e urgenti.<\/p>\n","protected":false},"featured_media":10348,"template":"","categories":[102],"tags":[],"class_list":{"0":"post-10345","1":"community","2":"type-community","3":"status-publish","4":"has-post-thumbnail","6":"category-talents"},"acf":[],"yoast_head":"<!-- This site is optimized with the Yoast SEO plugin v27.5 - https:\/\/yoast.com\/product\/yoast-seo-wordpress\/ -->\n<title>Francesca Fedele - Polifactory<\/title>\n<meta name=\"description\" content=\"Nasce nel 1999 nella campagna novarese. A conclusione del percorso liceale artistico, nel 2018 si iscrive al Corso di Design del Prodotto Industriale all\u2019interno della Scuola del Design al Politecnico di Milano. Dopo il conseguimento del titolo Triennale decide di proseguire nella stessa universit\u00e0 con il corso di Laurea Magistrale in Integrated Product Design. Durante il percorso di studi ha appreso come il ruolo del designer sia fondamentale per comprendere i bisogni degli utenti per potersi porre nuovi obiettivi progettuali. Inoltre, durante l\u2019ultimo anno accademico, si \u00e8 dedicata a progetti focalizzati sulla sostenibilit\u00e0 e circolarit\u00e0 del sistema prodotto-servizio. Per questo motivo ha sviluppato un forte interesse verso i biomateriali e le opportunit\u00e0 che possono dare, sia a livello tecnico che sensoriale, per il design di prodotti innovativi.\" \/>\n<meta name=\"robots\" content=\"index, follow, max-snippet:-1, max-image-preview:large, max-video-preview:-1\" \/>\n<link rel=\"canonical\" href=\"https:\/\/polifactory.test.polimi.it\/community\/francesca-fedele\/\" \/>\n<meta property=\"og:locale\" content=\"en_US\" \/>\n<meta property=\"og:type\" content=\"article\" \/>\n<meta property=\"og:title\" content=\"Francesca Fedele - Polifactory\" \/>\n<meta property=\"og:description\" content=\"Nasce nel 1999 nella campagna novarese. A conclusione del percorso liceale artistico, nel 2018 si iscrive al Corso di Design del Prodotto Industriale all\u2019interno della Scuola del Design al Politecnico di Milano. Dopo il conseguimento del titolo Triennale decide di proseguire nella stessa universit\u00e0 con il corso di Laurea Magistrale in Integrated Product Design. Durante il percorso di studi ha appreso come il ruolo del designer sia fondamentale per comprendere i bisogni degli utenti per potersi porre nuovi obiettivi progettuali. Inoltre, durante l\u2019ultimo anno accademico, si \u00e8 dedicata a progetti focalizzati sulla sostenibilit\u00e0 e circolarit\u00e0 del sistema prodotto-servizio. Per questo motivo ha sviluppato un forte interesse verso i biomateriali e le opportunit\u00e0 che possono dare, sia a livello tecnico che sensoriale, per il design di prodotti innovativi.\" \/>\n<meta property=\"og:url\" content=\"https:\/\/polifactory.test.polimi.it\/community\/francesca-fedele\/\" \/>\n<meta property=\"og:site_name\" content=\"Polifactory\" \/>\n<meta property=\"article:publisher\" content=\"https:\/\/www.facebook.com\/polifactory\" \/>\n<meta property=\"og:image\" content=\"https:\/\/polifactory.test.polimi.it\/wp-content\/uploads\/2023\/09\/Francesca_Fedele_square.jpeg\" \/>\n\t<meta property=\"og:image:width\" content=\"2316\" \/>\n\t<meta property=\"og:image:height\" content=\"2316\" \/>\n\t<meta property=\"og:image:type\" content=\"image\/jpeg\" \/>\n<meta name=\"twitter:card\" content=\"summary_large_image\" \/>\n<meta name=\"twitter:label1\" content=\"Est. reading time\" \/>\n\t<meta name=\"twitter:data1\" content=\"3 minutes\" \/>\n<script type=\"application\/ld+json\" class=\"yoast-schema-graph\">{\"@context\":\"https:\\\/\\\/schema.org\",\"@graph\":[{\"@type\":\"WebPage\",\"@id\":\"https:\\\/\\\/polifactory.test.polimi.it\\\/community\\\/francesca-fedele\\\/\",\"url\":\"https:\\\/\\\/polifactory.test.polimi.it\\\/community\\\/francesca-fedele\\\/\",\"name\":\"Francesca Fedele - Polifactory\",\"isPartOf\":{\"@id\":\"https:\\\/\\\/polifactory.test.polimi.it\\\/#website\"},\"primaryImageOfPage\":{\"@id\":\"https:\\\/\\\/polifactory.test.polimi.it\\\/community\\\/francesca-fedele\\\/#primaryimage\"},\"image\":{\"@id\":\"https:\\\/\\\/polifactory.test.polimi.it\\\/community\\\/francesca-fedele\\\/#primaryimage\"},\"thumbnailUrl\":\"https:\\\/\\\/polifactory.test.polimi.it\\\/wp-content\\\/uploads\\\/2023\\\/09\\\/Francesca_Fedele_square.jpeg\",\"datePublished\":\"2025-03-13T16:28:42+00:00\",\"description\":\"Nasce nel 1999 nella campagna novarese. A conclusione del percorso liceale artistico, nel 2018 si iscrive al Corso di Design del Prodotto Industriale all\u2019interno della Scuola del Design al Politecnico di Milano. Dopo il conseguimento del titolo Triennale decide di proseguire nella stessa universit\u00e0 con il corso di Laurea Magistrale in Integrated Product Design. Durante il percorso di studi ha appreso come il ruolo del designer sia fondamentale per comprendere i bisogni degli utenti per potersi porre nuovi obiettivi progettuali. Inoltre, durante l\u2019ultimo anno accademico, si \u00e8 dedicata a progetti focalizzati sulla sostenibilit\u00e0 e circolarit\u00e0 del sistema prodotto-servizio. Per questo motivo ha sviluppato un forte interesse verso i biomateriali e le opportunit\u00e0 che possono dare, sia a livello tecnico che sensoriale, per il design di prodotti innovativi.\",\"inLanguage\":\"en-US\",\"potentialAction\":[{\"@type\":\"ReadAction\",\"target\":[\"https:\\\/\\\/polifactory.test.polimi.it\\\/community\\\/francesca-fedele\\\/\"]}]},{\"@type\":\"ImageObject\",\"inLanguage\":\"en-US\",\"@id\":\"https:\\\/\\\/polifactory.test.polimi.it\\\/community\\\/francesca-fedele\\\/#primaryimage\",\"url\":\"https:\\\/\\\/polifactory.test.polimi.it\\\/wp-content\\\/uploads\\\/2023\\\/09\\\/Francesca_Fedele_square.jpeg\",\"contentUrl\":\"https:\\\/\\\/polifactory.test.polimi.it\\\/wp-content\\\/uploads\\\/2023\\\/09\\\/Francesca_Fedele_square.jpeg\",\"width\":2316,\"height\":2316},{\"@type\":\"WebSite\",\"@id\":\"https:\\\/\\\/polifactory.test.polimi.it\\\/#website\",\"url\":\"https:\\\/\\\/polifactory.test.polimi.it\\\/\",\"name\":\"Polifactory\",\"description\":\"Il makerspace-fablab del Politecnico di Milano\",\"publisher\":{\"@id\":\"https:\\\/\\\/polifactory.test.polimi.it\\\/#organization\"},\"potentialAction\":[{\"@type\":\"SearchAction\",\"target\":{\"@type\":\"EntryPoint\",\"urlTemplate\":\"https:\\\/\\\/polifactory.test.polimi.it\\\/?s={search_term_string}\"},\"query-input\":{\"@type\":\"PropertyValueSpecification\",\"valueRequired\":true,\"valueName\":\"search_term_string\"}}],\"inLanguage\":\"en-US\"},{\"@type\":\"Organization\",\"@id\":\"https:\\\/\\\/polifactory.test.polimi.it\\\/#organization\",\"name\":\"Polifactory\",\"url\":\"https:\\\/\\\/polifactory.test.polimi.it\\\/\",\"logo\":{\"@type\":\"ImageObject\",\"inLanguage\":\"en-US\",\"@id\":\"https:\\\/\\\/polifactory.test.polimi.it\\\/#\\\/schema\\\/logo\\\/image\\\/\",\"url\":\"https:\\\/\\\/polifactory.test.polimi.it\\\/wp-content\\\/uploads\\\/2025\\\/02\\\/Logo_Black_White.png\",\"contentUrl\":\"https:\\\/\\\/polifactory.test.polimi.it\\\/wp-content\\\/uploads\\\/2025\\\/02\\\/Logo_Black_White.png\",\"width\":600,\"height\":600,\"caption\":\"Polifactory\"},\"image\":{\"@id\":\"https:\\\/\\\/polifactory.test.polimi.it\\\/#\\\/schema\\\/logo\\\/image\\\/\"},\"sameAs\":[\"https:\\\/\\\/www.facebook.com\\\/polifactory\",\"https:\\\/\\\/www.linkedin.com\\\/company\\\/polifactory-polimi\\\/\",\"https:\\\/\\\/www.instagram.com\\\/polifactorypolimi\\\/\"]}]}<\/script>\n<!-- \/ Yoast SEO plugin. -->","yoast_head_json":{"title":"Francesca Fedele - Polifactory","description":"Nasce nel 1999 nella campagna novarese. A conclusione del percorso liceale artistico, nel 2018 si iscrive al Corso di Design del Prodotto Industriale all\u2019interno della Scuola del Design al Politecnico di Milano. Dopo il conseguimento del titolo Triennale decide di proseguire nella stessa universit\u00e0 con il corso di Laurea Magistrale in Integrated Product Design. Durante il percorso di studi ha appreso come il ruolo del designer sia fondamentale per comprendere i bisogni degli utenti per potersi porre nuovi obiettivi progettuali. Inoltre, durante l\u2019ultimo anno accademico, si \u00e8 dedicata a progetti focalizzati sulla sostenibilit\u00e0 e circolarit\u00e0 del sistema prodotto-servizio. Per questo motivo ha sviluppato un forte interesse verso i biomateriali e le opportunit\u00e0 che possono dare, sia a livello tecnico che sensoriale, per il design di prodotti innovativi.","robots":{"index":"index","follow":"follow","max-snippet":"max-snippet:-1","max-image-preview":"max-image-preview:large","max-video-preview":"max-video-preview:-1"},"canonical":"https:\/\/polifactory.test.polimi.it\/community\/francesca-fedele\/","og_locale":"en_US","og_type":"article","og_title":"Francesca Fedele - Polifactory","og_description":"Nasce nel 1999 nella campagna novarese. A conclusione del percorso liceale artistico, nel 2018 si iscrive al Corso di Design del Prodotto Industriale all\u2019interno della Scuola del Design al Politecnico di Milano. Dopo il conseguimento del titolo Triennale decide di proseguire nella stessa universit\u00e0 con il corso di Laurea Magistrale in Integrated Product Design. Durante il percorso di studi ha appreso come il ruolo del designer sia fondamentale per comprendere i bisogni degli utenti per potersi porre nuovi obiettivi progettuali. Inoltre, durante l\u2019ultimo anno accademico, si \u00e8 dedicata a progetti focalizzati sulla sostenibilit\u00e0 e circolarit\u00e0 del sistema prodotto-servizio. Per questo motivo ha sviluppato un forte interesse verso i biomateriali e le opportunit\u00e0 che possono dare, sia a livello tecnico che sensoriale, per il design di prodotti innovativi.","og_url":"https:\/\/polifactory.test.polimi.it\/community\/francesca-fedele\/","og_site_name":"Polifactory","article_publisher":"https:\/\/www.facebook.com\/polifactory","og_image":[{"width":2316,"height":2316,"url":"https:\/\/polifactory.test.polimi.it\/wp-content\/uploads\/2023\/09\/Francesca_Fedele_square.jpeg","type":"image\/jpeg"}],"twitter_card":"summary_large_image","twitter_misc":{"Est. reading time":"3 minutes"},"schema":{"@context":"https:\/\/schema.org","@graph":[{"@type":"WebPage","@id":"https:\/\/polifactory.test.polimi.it\/community\/francesca-fedele\/","url":"https:\/\/polifactory.test.polimi.it\/community\/francesca-fedele\/","name":"Francesca Fedele - Polifactory","isPartOf":{"@id":"https:\/\/polifactory.test.polimi.it\/#website"},"primaryImageOfPage":{"@id":"https:\/\/polifactory.test.polimi.it\/community\/francesca-fedele\/#primaryimage"},"image":{"@id":"https:\/\/polifactory.test.polimi.it\/community\/francesca-fedele\/#primaryimage"},"thumbnailUrl":"https:\/\/polifactory.test.polimi.it\/wp-content\/uploads\/2023\/09\/Francesca_Fedele_square.jpeg","datePublished":"2025-03-13T16:28:42+00:00","description":"Nasce nel 1999 nella campagna novarese. A conclusione del percorso liceale artistico, nel 2018 si iscrive al Corso di Design del Prodotto Industriale all\u2019interno della Scuola del Design al Politecnico di Milano. Dopo il conseguimento del titolo Triennale decide di proseguire nella stessa universit\u00e0 con il corso di Laurea Magistrale in Integrated Product Design. Durante il percorso di studi ha appreso come il ruolo del designer sia fondamentale per comprendere i bisogni degli utenti per potersi porre nuovi obiettivi progettuali. Inoltre, durante l\u2019ultimo anno accademico, si \u00e8 dedicata a progetti focalizzati sulla sostenibilit\u00e0 e circolarit\u00e0 del sistema prodotto-servizio. Per questo motivo ha sviluppato un forte interesse verso i biomateriali e le opportunit\u00e0 che possono dare, sia a livello tecnico che sensoriale, per il design di prodotti innovativi.","inLanguage":"en-US","potentialAction":[{"@type":"ReadAction","target":["https:\/\/polifactory.test.polimi.it\/community\/francesca-fedele\/"]}]},{"@type":"ImageObject","inLanguage":"en-US","@id":"https:\/\/polifactory.test.polimi.it\/community\/francesca-fedele\/#primaryimage","url":"https:\/\/polifactory.test.polimi.it\/wp-content\/uploads\/2023\/09\/Francesca_Fedele_square.jpeg","contentUrl":"https:\/\/polifactory.test.polimi.it\/wp-content\/uploads\/2023\/09\/Francesca_Fedele_square.jpeg","width":2316,"height":2316},{"@type":"WebSite","@id":"https:\/\/polifactory.test.polimi.it\/#website","url":"https:\/\/polifactory.test.polimi.it\/","name":"Polifactory","description":"Il makerspace-fablab del Politecnico di Milano","publisher":{"@id":"https:\/\/polifactory.test.polimi.it\/#organization"},"potentialAction":[{"@type":"SearchAction","target":{"@type":"EntryPoint","urlTemplate":"https:\/\/polifactory.test.polimi.it\/?s={search_term_string}"},"query-input":{"@type":"PropertyValueSpecification","valueRequired":true,"valueName":"search_term_string"}}],"inLanguage":"en-US"},{"@type":"Organization","@id":"https:\/\/polifactory.test.polimi.it\/#organization","name":"Polifactory","url":"https:\/\/polifactory.test.polimi.it\/","logo":{"@type":"ImageObject","inLanguage":"en-US","@id":"https:\/\/polifactory.test.polimi.it\/#\/schema\/logo\/image\/","url":"https:\/\/polifactory.test.polimi.it\/wp-content\/uploads\/2025\/02\/Logo_Black_White.png","contentUrl":"https:\/\/polifactory.test.polimi.it\/wp-content\/uploads\/2025\/02\/Logo_Black_White.png","width":600,"height":600,"caption":"Polifactory"},"image":{"@id":"https:\/\/polifactory.test.polimi.it\/#\/schema\/logo\/image\/"},"sameAs":["https:\/\/www.facebook.com\/polifactory","https:\/\/www.linkedin.com\/company\/polifactory-polimi\/","https:\/\/www.instagram.com\/polifactorypolimi\/"]}]}},"_links":{"self":[{"href":"https:\/\/polifactory.test.polimi.it\/en\/wp-json\/wp\/v2\/community\/10345","targetHints":{"allow":["GET"]}}],"collection":[{"href":"https:\/\/polifactory.test.polimi.it\/en\/wp-json\/wp\/v2\/community"}],"about":[{"href":"https:\/\/polifactory.test.polimi.it\/en\/wp-json\/wp\/v2\/types\/community"}],"wp:featuredmedia":[{"embeddable":true,"href":"https:\/\/polifactory.test.polimi.it\/en\/wp-json\/wp\/v2\/media\/10348"}],"wp:attachment":[{"href":"https:\/\/polifactory.test.polimi.it\/en\/wp-json\/wp\/v2\/media?parent=10345"}],"wp:term":[{"taxonomy":"category","embeddable":true,"href":"https:\/\/polifactory.test.polimi.it\/en\/wp-json\/wp\/v2\/categories?post=10345"},{"taxonomy":"post_tag","embeddable":true,"href":"https:\/\/polifactory.test.polimi.it\/en\/wp-json\/wp\/v2\/tags?post=10345"}],"curies":[{"name":"wp","href":"https:\/\/api.w.org\/{rel}","templated":true}]}}