{"id":10313,"date":"2025-03-13T16:28:42","date_gmt":"2025-03-13T16:28:42","guid":{"rendered":"https:\/\/polifactory.test.polimi.it\/?post_type=portfolio&#038;p=10313"},"modified":"2025-03-13T16:28:42","modified_gmt":"2025-03-13T16:28:42","slug":"francesca-bergamini","status":"publish","type":"community","link":"https:\/\/polifactory.test.polimi.it\/en\/community\/francesca-bergamini\/","title":{"rendered":"Francesca Bergamini"},"content":{"rendered":"<p>Nasce nel 1999 in provincia di Brescia. Nel 2018 a seguito del completamento degli studi artistici presso il liceo artistico di Piacenza si \u00e8 iscritta e ha conseguito la Laurea Triennale in <em>Fashion Design<\/em> con specializzazione in <em>Knitwear<\/em> presso la Scuola del Design del Politecnico di Milano. Nel 2021 decide di proseguire il percorso al Politecnico iscrivendosi al corso di Laurea <a href=\"https:\/\/www.moda.polimi.it\/en\/\">Magistrale in Design for the Fashion System<\/a> conclusosi con l\u2019esperienza all\u2019estero presso l\u2019Universit\u00e0 della Lapponia al fine di indagare e approfondire il minimalismo estetico e la sostenibilit\u00e0 che contraddistingue il design nordico. Infatti, \u00e8 da sempre stata attratta dal modo in cui il design scandinavo \u00e8 capace di sintetizzare l\u2019essenzialit\u00e0 delle forme, la funzionalit\u00e0 e la sostenibilit\u00e0 attraverso specifici canoni cromatici. Durante il percorso magistrale Francesca ha maturato un interesse per la sostenibilit\u00e0 che l\u2019ha portata ad esplorare il mondo dei <em>biomaterials<\/em>.<\/p>\n<p><strong>Abstract<\/strong><br \/>\nL\u2019industria tessile \u00e8 considerata una delle pi\u00f9 inquinanti del mondo, in particolare quella che viene definita <em>fast fashion<\/em>, che considera i vestiti come prodotti usa e getta, \u00e8 responsabile del 10% dell\u2019inquinamento globale, al secondo posto dopo il settore petrolifero. Le sfide che il settore dell\u2019abbigliamento si dovr\u00e0 porre nei prossimi anni dovranno prevedere sia la diminuzione dell\u2019impiego di energie durante tutte le fasi di produzione sia la riduzione dell\u2019impatto ambientale dei prodotti a fine vita. Il lavoro di questa tesi infatti vuole indagare le potenzialit\u00e0 della cellulosa batterica, come materia prima sostenibile, applicate al mondo del fashion, attraverso sperimentazioni al fine di migliorarne le caratteristiche estetico-funzionali in ottica di <em>soft robotics<\/em>, funzionalizzazione tramite circuiti, attuatori, sensori e crescita programmata per ottenere diversi risultati estetico-formali e funzionaliperformativi. In particolare, l\u2019obiettivo dei test sar\u00e0 quello di ottenere lavorazioni, texture, <em>finishing<\/em> e stampe che comunemente vengono utilizzate e prodotte per il settore moda attraverso l\u2019inclusione della tecnologia, andando a conservare le caratteristiche di sostenibilit\u00e0 che fanno del materiale una delle strade pi\u00f9 promettenti per un futuro sostenibile del sistema moda.<\/p>\n","protected":false},"featured_media":10310,"template":"","categories":[102],"tags":[],"class_list":{"0":"post-10313","1":"community","2":"type-community","3":"status-publish","4":"has-post-thumbnail","6":"category-talents"},"acf":[],"yoast_head":"<!-- This site is optimized with the Yoast SEO plugin v27.5 - https:\/\/yoast.com\/product\/yoast-seo-wordpress\/ -->\n<title>Francesca Bergamini - Polifactory<\/title>\n<meta name=\"description\" content=\"Nasce nel 1999 in provincia di Brescia. Nel 2018 a seguito del completamento degli studi artistici presso il liceo artistico di Piacenza si \u00e8 iscritta e ha conseguito la Laurea Triennale in Fashion Design con specializzazione in Knitwear presso la Scuola del Design del Politecnico di Milano. Nel 2021 decide di proseguire il percorso al Politecnico iscrivendosi al corso di Laurea Magistrale in Design for the Fashion System conclusosi con l\u2019esperienza all\u2019estero presso l\u2019Universit\u00e0 della Lapponia al fine di indagare e approfondire il minimalismo estetico e la sostenibilit\u00e0 che contraddistingue il design nordico. Infatti, \u00e8 da sempre stata attratta dal modo in cui il design scandinavo \u00e8 capace di sintetizzare l\u2019essenzialit\u00e0 delle forme, la funzionalit\u00e0 e la sostenibilit\u00e0 attraverso specifici canoni cromatici. Durante il percorso magistrale Francesca ha maturato un interesse per la sostenibilit\u00e0 che l\u2019ha portata ad esplorare il mondo dei biomaterials.\" \/>\n<meta name=\"robots\" content=\"index, follow, max-snippet:-1, max-image-preview:large, max-video-preview:-1\" \/>\n<link rel=\"canonical\" href=\"https:\/\/polifactory.test.polimi.it\/community\/francesca-bergamini\/\" \/>\n<meta property=\"og:locale\" content=\"en_US\" \/>\n<meta property=\"og:type\" content=\"article\" \/>\n<meta property=\"og:title\" content=\"Francesca Bergamini - Polifactory\" \/>\n<meta property=\"og:description\" content=\"Nasce nel 1999 in provincia di Brescia. Nel 2018 a seguito del completamento degli studi artistici presso il liceo artistico di Piacenza si \u00e8 iscritta e ha conseguito la Laurea Triennale in Fashion Design con specializzazione in Knitwear presso la Scuola del Design del Politecnico di Milano. Nel 2021 decide di proseguire il percorso al Politecnico iscrivendosi al corso di Laurea Magistrale in Design for the Fashion System conclusosi con l\u2019esperienza all\u2019estero presso l\u2019Universit\u00e0 della Lapponia al fine di indagare e approfondire il minimalismo estetico e la sostenibilit\u00e0 che contraddistingue il design nordico. Infatti, \u00e8 da sempre stata attratta dal modo in cui il design scandinavo \u00e8 capace di sintetizzare l\u2019essenzialit\u00e0 delle forme, la funzionalit\u00e0 e la sostenibilit\u00e0 attraverso specifici canoni cromatici. Durante il percorso magistrale Francesca ha maturato un interesse per la sostenibilit\u00e0 che l\u2019ha portata ad esplorare il mondo dei biomaterials.\" \/>\n<meta property=\"og:url\" content=\"https:\/\/polifactory.test.polimi.it\/community\/francesca-bergamini\/\" \/>\n<meta property=\"og:site_name\" content=\"Polifactory\" \/>\n<meta property=\"article:publisher\" content=\"https:\/\/www.facebook.com\/polifactory\" \/>\n<meta property=\"og:image\" content=\"https:\/\/polifactory.test.polimi.it\/wp-content\/uploads\/2023\/08\/foto-francesca-bergamini-quadrata-min.jpeg\" \/>\n\t<meta property=\"og:image:width\" content=\"2000\" \/>\n\t<meta property=\"og:image:height\" content=\"2000\" \/>\n\t<meta property=\"og:image:type\" content=\"image\/jpeg\" \/>\n<meta name=\"twitter:card\" content=\"summary_large_image\" \/>\n<meta name=\"twitter:label1\" content=\"Est. reading time\" \/>\n\t<meta name=\"twitter:data1\" content=\"2 minutes\" \/>\n<script type=\"application\/ld+json\" class=\"yoast-schema-graph\">{\"@context\":\"https:\\\/\\\/schema.org\",\"@graph\":[{\"@type\":\"WebPage\",\"@id\":\"https:\\\/\\\/polifactory.test.polimi.it\\\/community\\\/francesca-bergamini\\\/\",\"url\":\"https:\\\/\\\/polifactory.test.polimi.it\\\/community\\\/francesca-bergamini\\\/\",\"name\":\"Francesca Bergamini - Polifactory\",\"isPartOf\":{\"@id\":\"https:\\\/\\\/polifactory.test.polimi.it\\\/#website\"},\"primaryImageOfPage\":{\"@id\":\"https:\\\/\\\/polifactory.test.polimi.it\\\/community\\\/francesca-bergamini\\\/#primaryimage\"},\"image\":{\"@id\":\"https:\\\/\\\/polifactory.test.polimi.it\\\/community\\\/francesca-bergamini\\\/#primaryimage\"},\"thumbnailUrl\":\"https:\\\/\\\/polifactory.test.polimi.it\\\/wp-content\\\/uploads\\\/2023\\\/08\\\/foto-francesca-bergamini-quadrata-min.jpeg\",\"datePublished\":\"2025-03-13T16:28:42+00:00\",\"description\":\"Nasce nel 1999 in provincia di Brescia. Nel 2018 a seguito del completamento degli studi artistici presso il liceo artistico di Piacenza si \u00e8 iscritta e ha conseguito la Laurea Triennale in Fashion Design con specializzazione in Knitwear presso la Scuola del Design del Politecnico di Milano. Nel 2021 decide di proseguire il percorso al Politecnico iscrivendosi al corso di Laurea Magistrale in Design for the Fashion System conclusosi con l\u2019esperienza all\u2019estero presso l\u2019Universit\u00e0 della Lapponia al fine di indagare e approfondire il minimalismo estetico e la sostenibilit\u00e0 che contraddistingue il design nordico. Infatti, \u00e8 da sempre stata attratta dal modo in cui il design scandinavo \u00e8 capace di sintetizzare l\u2019essenzialit\u00e0 delle forme, la funzionalit\u00e0 e la sostenibilit\u00e0 attraverso specifici canoni cromatici. Durante il percorso magistrale Francesca ha maturato un interesse per la sostenibilit\u00e0 che l\u2019ha portata ad esplorare il mondo dei biomaterials.\",\"inLanguage\":\"en-US\",\"potentialAction\":[{\"@type\":\"ReadAction\",\"target\":[\"https:\\\/\\\/polifactory.test.polimi.it\\\/community\\\/francesca-bergamini\\\/\"]}]},{\"@type\":\"ImageObject\",\"inLanguage\":\"en-US\",\"@id\":\"https:\\\/\\\/polifactory.test.polimi.it\\\/community\\\/francesca-bergamini\\\/#primaryimage\",\"url\":\"https:\\\/\\\/polifactory.test.polimi.it\\\/wp-content\\\/uploads\\\/2023\\\/08\\\/foto-francesca-bergamini-quadrata-min.jpeg\",\"contentUrl\":\"https:\\\/\\\/polifactory.test.polimi.it\\\/wp-content\\\/uploads\\\/2023\\\/08\\\/foto-francesca-bergamini-quadrata-min.jpeg\",\"width\":2000,\"height\":2000},{\"@type\":\"WebSite\",\"@id\":\"https:\\\/\\\/polifactory.test.polimi.it\\\/#website\",\"url\":\"https:\\\/\\\/polifactory.test.polimi.it\\\/\",\"name\":\"Polifactory\",\"description\":\"Il makerspace-fablab del Politecnico di Milano\",\"publisher\":{\"@id\":\"https:\\\/\\\/polifactory.test.polimi.it\\\/#organization\"},\"potentialAction\":[{\"@type\":\"SearchAction\",\"target\":{\"@type\":\"EntryPoint\",\"urlTemplate\":\"https:\\\/\\\/polifactory.test.polimi.it\\\/?s={search_term_string}\"},\"query-input\":{\"@type\":\"PropertyValueSpecification\",\"valueRequired\":true,\"valueName\":\"search_term_string\"}}],\"inLanguage\":\"en-US\"},{\"@type\":\"Organization\",\"@id\":\"https:\\\/\\\/polifactory.test.polimi.it\\\/#organization\",\"name\":\"Polifactory\",\"url\":\"https:\\\/\\\/polifactory.test.polimi.it\\\/\",\"logo\":{\"@type\":\"ImageObject\",\"inLanguage\":\"en-US\",\"@id\":\"https:\\\/\\\/polifactory.test.polimi.it\\\/#\\\/schema\\\/logo\\\/image\\\/\",\"url\":\"https:\\\/\\\/polifactory.test.polimi.it\\\/wp-content\\\/uploads\\\/2025\\\/02\\\/Logo_Black_White.png\",\"contentUrl\":\"https:\\\/\\\/polifactory.test.polimi.it\\\/wp-content\\\/uploads\\\/2025\\\/02\\\/Logo_Black_White.png\",\"width\":600,\"height\":600,\"caption\":\"Polifactory\"},\"image\":{\"@id\":\"https:\\\/\\\/polifactory.test.polimi.it\\\/#\\\/schema\\\/logo\\\/image\\\/\"},\"sameAs\":[\"https:\\\/\\\/www.facebook.com\\\/polifactory\",\"https:\\\/\\\/www.linkedin.com\\\/company\\\/polifactory-polimi\\\/\",\"https:\\\/\\\/www.instagram.com\\\/polifactorypolimi\\\/\"]}]}<\/script>\n<!-- \/ Yoast SEO plugin. -->","yoast_head_json":{"title":"Francesca Bergamini - Polifactory","description":"Nasce nel 1999 in provincia di Brescia. Nel 2018 a seguito del completamento degli studi artistici presso il liceo artistico di Piacenza si \u00e8 iscritta e ha conseguito la Laurea Triennale in Fashion Design con specializzazione in Knitwear presso la Scuola del Design del Politecnico di Milano. Nel 2021 decide di proseguire il percorso al Politecnico iscrivendosi al corso di Laurea Magistrale in Design for the Fashion System conclusosi con l\u2019esperienza all\u2019estero presso l\u2019Universit\u00e0 della Lapponia al fine di indagare e approfondire il minimalismo estetico e la sostenibilit\u00e0 che contraddistingue il design nordico. Infatti, \u00e8 da sempre stata attratta dal modo in cui il design scandinavo \u00e8 capace di sintetizzare l\u2019essenzialit\u00e0 delle forme, la funzionalit\u00e0 e la sostenibilit\u00e0 attraverso specifici canoni cromatici. Durante il percorso magistrale Francesca ha maturato un interesse per la sostenibilit\u00e0 che l\u2019ha portata ad esplorare il mondo dei biomaterials.","robots":{"index":"index","follow":"follow","max-snippet":"max-snippet:-1","max-image-preview":"max-image-preview:large","max-video-preview":"max-video-preview:-1"},"canonical":"https:\/\/polifactory.test.polimi.it\/community\/francesca-bergamini\/","og_locale":"en_US","og_type":"article","og_title":"Francesca Bergamini - Polifactory","og_description":"Nasce nel 1999 in provincia di Brescia. Nel 2018 a seguito del completamento degli studi artistici presso il liceo artistico di Piacenza si \u00e8 iscritta e ha conseguito la Laurea Triennale in Fashion Design con specializzazione in Knitwear presso la Scuola del Design del Politecnico di Milano. Nel 2021 decide di proseguire il percorso al Politecnico iscrivendosi al corso di Laurea Magistrale in Design for the Fashion System conclusosi con l\u2019esperienza all\u2019estero presso l\u2019Universit\u00e0 della Lapponia al fine di indagare e approfondire il minimalismo estetico e la sostenibilit\u00e0 che contraddistingue il design nordico. Infatti, \u00e8 da sempre stata attratta dal modo in cui il design scandinavo \u00e8 capace di sintetizzare l\u2019essenzialit\u00e0 delle forme, la funzionalit\u00e0 e la sostenibilit\u00e0 attraverso specifici canoni cromatici. Durante il percorso magistrale Francesca ha maturato un interesse per la sostenibilit\u00e0 che l\u2019ha portata ad esplorare il mondo dei biomaterials.","og_url":"https:\/\/polifactory.test.polimi.it\/community\/francesca-bergamini\/","og_site_name":"Polifactory","article_publisher":"https:\/\/www.facebook.com\/polifactory","og_image":[{"width":2000,"height":2000,"url":"https:\/\/polifactory.test.polimi.it\/wp-content\/uploads\/2023\/08\/foto-francesca-bergamini-quadrata-min.jpeg","type":"image\/jpeg"}],"twitter_card":"summary_large_image","twitter_misc":{"Est. reading time":"2 minutes"},"schema":{"@context":"https:\/\/schema.org","@graph":[{"@type":"WebPage","@id":"https:\/\/polifactory.test.polimi.it\/community\/francesca-bergamini\/","url":"https:\/\/polifactory.test.polimi.it\/community\/francesca-bergamini\/","name":"Francesca Bergamini - Polifactory","isPartOf":{"@id":"https:\/\/polifactory.test.polimi.it\/#website"},"primaryImageOfPage":{"@id":"https:\/\/polifactory.test.polimi.it\/community\/francesca-bergamini\/#primaryimage"},"image":{"@id":"https:\/\/polifactory.test.polimi.it\/community\/francesca-bergamini\/#primaryimage"},"thumbnailUrl":"https:\/\/polifactory.test.polimi.it\/wp-content\/uploads\/2023\/08\/foto-francesca-bergamini-quadrata-min.jpeg","datePublished":"2025-03-13T16:28:42+00:00","description":"Nasce nel 1999 in provincia di Brescia. Nel 2018 a seguito del completamento degli studi artistici presso il liceo artistico di Piacenza si \u00e8 iscritta e ha conseguito la Laurea Triennale in Fashion Design con specializzazione in Knitwear presso la Scuola del Design del Politecnico di Milano. Nel 2021 decide di proseguire il percorso al Politecnico iscrivendosi al corso di Laurea Magistrale in Design for the Fashion System conclusosi con l\u2019esperienza all\u2019estero presso l\u2019Universit\u00e0 della Lapponia al fine di indagare e approfondire il minimalismo estetico e la sostenibilit\u00e0 che contraddistingue il design nordico. Infatti, \u00e8 da sempre stata attratta dal modo in cui il design scandinavo \u00e8 capace di sintetizzare l\u2019essenzialit\u00e0 delle forme, la funzionalit\u00e0 e la sostenibilit\u00e0 attraverso specifici canoni cromatici. Durante il percorso magistrale Francesca ha maturato un interesse per la sostenibilit\u00e0 che l\u2019ha portata ad esplorare il mondo dei biomaterials.","inLanguage":"en-US","potentialAction":[{"@type":"ReadAction","target":["https:\/\/polifactory.test.polimi.it\/community\/francesca-bergamini\/"]}]},{"@type":"ImageObject","inLanguage":"en-US","@id":"https:\/\/polifactory.test.polimi.it\/community\/francesca-bergamini\/#primaryimage","url":"https:\/\/polifactory.test.polimi.it\/wp-content\/uploads\/2023\/08\/foto-francesca-bergamini-quadrata-min.jpeg","contentUrl":"https:\/\/polifactory.test.polimi.it\/wp-content\/uploads\/2023\/08\/foto-francesca-bergamini-quadrata-min.jpeg","width":2000,"height":2000},{"@type":"WebSite","@id":"https:\/\/polifactory.test.polimi.it\/#website","url":"https:\/\/polifactory.test.polimi.it\/","name":"Polifactory","description":"Il makerspace-fablab del Politecnico di Milano","publisher":{"@id":"https:\/\/polifactory.test.polimi.it\/#organization"},"potentialAction":[{"@type":"SearchAction","target":{"@type":"EntryPoint","urlTemplate":"https:\/\/polifactory.test.polimi.it\/?s={search_term_string}"},"query-input":{"@type":"PropertyValueSpecification","valueRequired":true,"valueName":"search_term_string"}}],"inLanguage":"en-US"},{"@type":"Organization","@id":"https:\/\/polifactory.test.polimi.it\/#organization","name":"Polifactory","url":"https:\/\/polifactory.test.polimi.it\/","logo":{"@type":"ImageObject","inLanguage":"en-US","@id":"https:\/\/polifactory.test.polimi.it\/#\/schema\/logo\/image\/","url":"https:\/\/polifactory.test.polimi.it\/wp-content\/uploads\/2025\/02\/Logo_Black_White.png","contentUrl":"https:\/\/polifactory.test.polimi.it\/wp-content\/uploads\/2025\/02\/Logo_Black_White.png","width":600,"height":600,"caption":"Polifactory"},"image":{"@id":"https:\/\/polifactory.test.polimi.it\/#\/schema\/logo\/image\/"},"sameAs":["https:\/\/www.facebook.com\/polifactory","https:\/\/www.linkedin.com\/company\/polifactory-polimi\/","https:\/\/www.instagram.com\/polifactorypolimi\/"]}]}},"_links":{"self":[{"href":"https:\/\/polifactory.test.polimi.it\/en\/wp-json\/wp\/v2\/community\/10313","targetHints":{"allow":["GET"]}}],"collection":[{"href":"https:\/\/polifactory.test.polimi.it\/en\/wp-json\/wp\/v2\/community"}],"about":[{"href":"https:\/\/polifactory.test.polimi.it\/en\/wp-json\/wp\/v2\/types\/community"}],"wp:featuredmedia":[{"embeddable":true,"href":"https:\/\/polifactory.test.polimi.it\/en\/wp-json\/wp\/v2\/media\/10310"}],"wp:attachment":[{"href":"https:\/\/polifactory.test.polimi.it\/en\/wp-json\/wp\/v2\/media?parent=10313"}],"wp:term":[{"taxonomy":"category","embeddable":true,"href":"https:\/\/polifactory.test.polimi.it\/en\/wp-json\/wp\/v2\/categories?post=10313"},{"taxonomy":"post_tag","embeddable":true,"href":"https:\/\/polifactory.test.polimi.it\/en\/wp-json\/wp\/v2\/tags?post=10313"}],"curies":[{"name":"wp","href":"https:\/\/api.w.org\/{rel}","templated":true}]}}